{"id":19066,"date":"2026-08-31T09:50:40","date_gmt":"2026-08-31T13:50:40","guid":{"rendered":"https:\/\/atlantikas.com\/palm-beach-costa-del-tesoro\/?post_type=ajde_events&#038;p=19066"},"modified":"2026-08-31T09:50:40","modified_gmt":"2026-08-31T13:50:40","slug":"festival-de-la-herencia-hispana-de-la-villa-de-palm-springs","status":"publish","type":"ajde_events","link":"https:\/\/atlantikas.com\/palm-beach-costa-del-tesoro\/events\/festival-de-la-herencia-hispana-de-la-villa-de-palm-springs\/","title":{"rendered":"Festival de la Herencia Hispana de la Villa de Palm Springs"},"content":{"rendered":"<div class=\"qMYqUG_convSearchResultHighlightRoot\">\n<div class=\"\" data-turn-id-container=\"request-WEB:a430f93a-823b-4528-8183-1ed2e221b30f-0\" data-is-intersecting=\"true\">\n<section class=\"text-token-text-primary w-full focus:outline-none has-data-writing-block:pointer-events-none [&amp;:has([data-writing-block])&gt;*]:pointer-events-auto R6Vx5W_threadScrollVars scroll-mb-[calc(var(--scroll-root-safe-area-inset-bottom,0px)+var(--thread-response-height))] scroll-mt-[calc(var(--header-height)+min(200px,max(70px,20svh)))]\" dir=\"auto\" data-turn-id=\"request-WEB:a430f93a-823b-4528-8183-1ed2e221b30f-0\" data-turn-id-container=\"request-WEB:a430f93a-823b-4528-8183-1ed2e221b30f-0\" data-testid=\"conversation-turn-2\" data-turn=\"assistant\">\n<div class=\"text-base my-auto mx-auto pb-8 [--thread-content-margin:var(--thread-content-margin-xs,calc(var(--spacing)*4))] @w-sm\/main:[--thread-content-margin:var(--thread-content-margin-sm,calc(var(--spacing)*6))] @w-lg\/main:[--thread-content-margin:var(--thread-content-margin-lg,calc(var(--spacing)*16))] px-(--thread-content-margin)\">\n<div class=\"[--thread-content-max-width:40rem] @w-lg\/main:[--thread-content-max-width:48rem] mx-auto max-w-(--thread-content-max-width) flex-1 group\/turn-messages focus-visible:outline-hidden @[53.5rem]\/main:[--thread-content-max-width:48rem] relative flex w-full min-w-0 flex-col agent-turn\" data-conversation-screenshot-content=\"\">\n<div class=\"flex max-w-full flex-col gap-4 grow\">\n<div class=\"min-h-8 text-message relative flex w-full flex-col items-end gap-2 text-start break-words whitespace-normal outline-none keyboard-focused:focus-ring [.text-message+&amp;]:mt-1\" dir=\"auto\" tabindex=\"0\" data-message-author-role=\"assistant\" data-message-id=\"5e01a803-9e7c-506e-a8bb-18188063aa95\" data-turn-start-message=\"true\" data-message-model-slug=\"gpt-5.6-sol-wm\">\n<div class=\"flex w-full flex-col gap-1 empty:hidden\">\n<div class=\"fbskMG_root markdown prose dark:prose-invert wrap-break-word w-full light markdown-new-styling\">\n<p class=\"PDq2pG_selectionAnchorContainer\" data-start=\"0\" data-end=\"63\"><strong data-start=\"0\" data-end=\"63\">Festival de la Herencia Hispana de la Villa de Palm Springs<\/strong><\/p>\n<p data-start=\"65\" data-end=\"118\"><strong data-start=\"65\" data-end=\"76\">Cu\u00e1ndo:<\/strong> S\u00e1bado 19 de septiembre, a las 6:00 p. m.<\/p>\n<p data-start=\"120\" data-end=\"372\"><strong data-start=\"120\" data-end=\"128\">Qu\u00e9:<\/strong> \u00a1Celebra la Semana de la Conservaci\u00f3n Latina junto a Busch Wildlife Sanctuary durante el Festival de la Herencia Hispana de la Villa de Palm Springs! Visita su mesa para disfrutar de encuentros con animales silvestres y actividades en espa\u00f1ol.<\/p>\n<p data-start=\"374\" data-end=\"609\">El Festival de la Herencia Hispana celebra las ricas tradiciones y vibrantes culturas que hacen tan especial a la comunidad de Palm Springs. Disfruta de m\u00fasica en vivo, deliciosas comidas y bebidas, y actividades para todas las edades.<\/p>\n<p data-start=\"611\" data-end=\"628\"><strong data-start=\"611\" data-end=\"621\">Costo:<\/strong> Gratis<\/p>\n<p data-start=\"630\" data-end=\"720\"><strong data-start=\"630\" data-end=\"640\">D\u00f3nde:<\/strong> Complejo Municipal de la Villa de Palm Springs, 225 Cypress Lane, Palm Springs.<\/p>\n<p data-start=\"722\" data-end=\"865\" data-is-last-node=\"\" data-is-only-node=\"\"><strong data-start=\"722\" data-end=\"742\">M\u00e1s informaci\u00f3n:<\/strong> <a class=\"decorated-link\" href=\"https:\/\/www.buschwildlife.org\/events\/hispanic-heritage-festival\" target=\"_new\" rel=\"noopener\" data-start=\"743\" data-end=\"865\" data-is-last-node=\"\">www.buschwildlife.org\/events\/hispanic-heritage-festival<\/a><\/p>\n<\/div>\n<\/div>\n<\/div>\n<\/div>\n<div class=\"z-0 flex min-h-[46px] justify-start\"><\/div>\n<div class=\"mt-3 w-full empty:hidden has-[&gt;_:empty]:hidden\">\n<div class=\"text-center\"><img decoding=\"async\" class=\"aligncenter size-full wp-image-19068 lazyload\" data-src=\"https:\/\/atlantikas.com\/palm-beach-costa-del-tesoro\/wp-content\/uploads\/sites\/2\/2026\/08\/Hispanic-Heritage-Celebration-2026.jpg\" alt=\"\" width=\"526\" height=\"780\" data-srcset=\"https:\/\/atlantikas.com\/palm-beach-costa-del-tesoro\/wp-content\/uploads\/sites\/2\/2026\/08\/Hispanic-Heritage-Celebration-2026.jpg 526w, https:\/\/atlantikas.com\/palm-beach-costa-del-tesoro\/wp-content\/uploads\/sites\/2\/2026\/08\/Hispanic-Heritage-Celebration-2026-medium.jpg 405w\" data-sizes=\"(max-width: 526px) 100vw, 526px\" src=\"data:image\/svg+xml;base64,PHN2ZyB3aWR0aD0iMSIgaGVpZ2h0PSIxIiB4bWxucz0iaHR0cDovL3d3dy53My5vcmcvMjAwMC9zdmciPjwvc3ZnPg==\" style=\"--smush-placeholder-width: 526px; --smush-placeholder-aspect-ratio: 526\/780;\" \/><\/div>\n<\/div>\n<\/div>\n<div class=\"[--thread-content-max-width:40rem] @w-lg\/main:[--thread-content-max-width:48rem] mx-auto max-w-(--thread-content-max-width) flex-1\" data-conversation-screenshot-content=\"\">\n<div><\/div>\n<\/div>\n<\/div>\n<\/section>\n<\/div>\n<\/div>\n<div class=\"pointer-events-none -mt-px h-px translate-y-(--scroll-root-safe-area-inset-bottom)\" aria-hidden=\"true\"><\/div>\n","protected":false},"author":1,"featured_media":19068,"menu_order":0,"comment_status":"open","ping_status":"closed","template":"","meta":{"om_disable_all_campaigns":false,"_monsterinsights_skip_tracking":false},"tags":[355],"event_type":[367],"event_type_2":[],"coauthors":[41],"class_list":["post-19066","ajde_events","type-ajde_events","status-publish","has-post-thumbnail","hentry","tag-mes-de-la-herencia-hispana","event_location-palm-springs-village-complex","event_organizer-busch-wildlife-sanctuary","event_type-comunidad"],"aioseo_notices":[],"aioseo_head":"\n\t\t<!-- All in One SEO 5.0.0.1 - aioseo.com -->\n\t<meta name=\"description\" content=\"Festival de la Herencia Hispana de la Villa de Palm Springs Cu\u00e1ndo: S\u00e1bado 19 de septiembre, a las 6:00 p. m. Qu\u00e9: \u00a1Celebra la Semana de la Conservaci\u00f3n Latina junto a Busch Wildlife Sanctuary durante el Festival de la Herencia Hispana de la Villa de Palm Springs! Visita su mesa para disfrutar de encuentros con\" \/>\n\t<meta name=\"robots\" content=\"max-image-preview:large\" \/>\n\t<meta name=\"author\" content=\"Atl\u00e1ntikas\"\/>\n\t<link rel=\"canonical\" href=\"https:\/\/atlantikas.com\/palm-beach-costa-del-tesoro\/events\/festival-de-la-herencia-hispana-de-la-villa-de-palm-springs\/\" \/>\n\t<meta name=\"generator\" content=\"All in One SEO (AIOSEO) 5.0.0.1\" \/>\n\t\t<meta property=\"og:locale\" content=\"es_ES\" \/>\n\t\t<meta property=\"og:site_name\" content=\"Atl\u00e1ntikas Noticias en Espa\u00f1ol Condados Palm Beach y la Costa del Tesoro - Noticias en Espa\u00f1ol | Condados Palm Beach y la Costa del Tesoro\" \/>\n\t\t<meta property=\"og:type\" content=\"article\" \/>\n\t\t<meta property=\"og:title\" content=\"Festival de la Herencia Hispana de la Villa de Palm Springs - Atl\u00e1ntikas Noticias en Espa\u00f1ol Condados Palm Beach y la Costa del Tesoro\" \/>\n\t\t<meta property=\"og:description\" content=\"Festival de la Herencia Hispana de la Villa de Palm Springs Cu\u00e1ndo: S\u00e1bado 19 de septiembre, a las 6:00 p. m. Qu\u00e9: \u00a1Celebra la Semana de la Conservaci\u00f3n Latina junto a Busch Wildlife Sanctuary durante el Festival de la Herencia Hispana de la Villa de Palm Springs! Visita su mesa para disfrutar de encuentros con\" \/>\n\t\t<meta property=\"og:url\" content=\"https:\/\/atlantikas.com\/palm-beach-costa-del-tesoro\/events\/festival-de-la-herencia-hispana-de-la-villa-de-palm-springs\/\" \/>\n\t\t<meta property=\"og:image\" content=\"https:\/\/atlantikas.com\/palm-beach-costa-del-tesoro\/wp-content\/uploads\/sites\/2\/2026\/08\/Hispanic-Heritage-Celebration-2026.jpg\" \/>\n\t\t<meta property=\"og:image:secure_url\" content=\"https:\/\/atlantikas.com\/palm-beach-costa-del-tesoro\/wp-content\/uploads\/sites\/2\/2026\/08\/Hispanic-Heritage-Celebration-2026.jpg\" \/>\n\t\t<meta property=\"og:image:width\" content=\"526\" \/>\n\t\t<meta property=\"og:image:height\" content=\"780\" \/>\n\t\t<meta property=\"article:published_time\" content=\"2026-08-31T13:50:40+00:00\" \/>\n\t\t<meta property=\"article:modified_time\" content=\"2026-08-31T13:50:40+00:00\" \/>\n\t\t<meta property=\"article:publisher\" content=\"https:\/\/www.facebook.com\/NoticiasAtlantikas\/\" \/>\n\t\t<meta name=\"twitter:card\" content=\"summary_large_image\" \/>\n\t\t<meta name=\"twitter:site\" content=\"@atlantikasnoti\" \/>\n\t\t<meta name=\"twitter:title\" content=\"Festival de la Herencia Hispana de la Villa de Palm Springs - Atl\u00e1ntikas Noticias en Espa\u00f1ol Condados Palm Beach y la Costa del Tesoro\" \/>\n\t\t<meta name=\"twitter:description\" content=\"Festival de la Herencia Hispana de la Villa de Palm Springs Cu\u00e1ndo: S\u00e1bado 19 de septiembre, a las 6:00 p. m. Qu\u00e9: \u00a1Celebra la Semana de la Conservaci\u00f3n Latina junto a Busch Wildlife Sanctuary durante el Festival de la Herencia Hispana de la Villa de Palm Springs! Visita su mesa para disfrutar de encuentros con\" \/>\n\t\t<meta name=\"twitter:creator\" content=\"@atlantikasnoti\" \/>\n\t\t<meta name=\"twitter:image\" content=\"https:\/\/atlantikas.com\/palm-beach-costa-del-tesoro\/wp-content\/uploads\/sites\/2\/2026\/08\/Hispanic-Heritage-Celebration-2026.jpg\" \/>\n\t\t<script type=\"application\/ld+json\" class=\"aioseo-schema\">\n\t\t\t{\"@context\":\"https:\\\/\\\/schema.org\",\"@graph\":[{\"@type\":\"BreadcrumbList\",\"@id\":\"https:\\\/\\\/atlantikas.com\\\/palm-beach-costa-del-tesoro\\\/events\\\/festival-de-la-herencia-hispana-de-la-villa-de-palm-springs\\\/#breadcrumblist\",\"itemListElement\":[{\"@type\":\"ListItem\",\"@id\":\"https:\\\/\\\/atlantikas.com\\\/palm-beach-costa-del-tesoro#listItem\",\"position\":1,\"name\":\"Home\",\"item\":\"https:\\\/\\\/atlantikas.com\\\/palm-beach-costa-del-tesoro\",\"nextItem\":{\"@type\":\"ListItem\",\"@id\":\"https:\\\/\\\/atlantikas.com\\\/palm-beach-costa-del-tesoro\\\/events\\\/#listItem\",\"name\":\"Events\"}},{\"@type\":\"ListItem\",\"@id\":\"https:\\\/\\\/atlantikas.com\\\/palm-beach-costa-del-tesoro\\\/events\\\/#listItem\",\"position\":2,\"name\":\"Events\",\"item\":\"https:\\\/\\\/atlantikas.com\\\/palm-beach-costa-del-tesoro\\\/events\\\/\",\"nextItem\":{\"@type\":\"ListItem\",\"@id\":\"https:\\\/\\\/atlantikas.com\\\/palm-beach-costa-del-tesoro\\\/etiqueta\\\/mes-de-la-herencia-hispana\\\/#listItem\",\"name\":\"Mes de la Herencia Hispana\"},\"previousItem\":{\"@type\":\"ListItem\",\"@id\":\"https:\\\/\\\/atlantikas.com\\\/palm-beach-costa-del-tesoro#listItem\",\"name\":\"Home\"}},{\"@type\":\"ListItem\",\"@id\":\"https:\\\/\\\/atlantikas.com\\\/palm-beach-costa-del-tesoro\\\/etiqueta\\\/mes-de-la-herencia-hispana\\\/#listItem\",\"position\":3,\"name\":\"Mes de la Herencia Hispana\",\"item\":\"https:\\\/\\\/atlantikas.com\\\/palm-beach-costa-del-tesoro\\\/etiqueta\\\/mes-de-la-herencia-hispana\\\/\",\"nextItem\":{\"@type\":\"ListItem\",\"@id\":\"https:\\\/\\\/atlantikas.com\\\/palm-beach-costa-del-tesoro\\\/events\\\/festival-de-la-herencia-hispana-de-la-villa-de-palm-springs\\\/#listItem\",\"name\":\"Festival de la Herencia Hispana de la Villa de Palm Springs\"},\"previousItem\":{\"@type\":\"ListItem\",\"@id\":\"https:\\\/\\\/atlantikas.com\\\/palm-beach-costa-del-tesoro\\\/events\\\/#listItem\",\"name\":\"Events\"}},{\"@type\":\"ListItem\",\"@id\":\"https:\\\/\\\/atlantikas.com\\\/palm-beach-costa-del-tesoro\\\/events\\\/festival-de-la-herencia-hispana-de-la-villa-de-palm-springs\\\/#listItem\",\"position\":4,\"name\":\"Festival de la Herencia Hispana de la Villa de Palm Springs\",\"previousItem\":{\"@type\":\"ListItem\",\"@id\":\"https:\\\/\\\/atlantikas.com\\\/palm-beach-costa-del-tesoro\\\/etiqueta\\\/mes-de-la-herencia-hispana\\\/#listItem\",\"name\":\"Mes de la Herencia Hispana\"}}]},{\"@type\":\"Organization\",\"@id\":\"https:\\\/\\\/atlantikas.com\\\/palm-beach-costa-del-tesoro\\\/#organization\",\"name\":\"Atl\\u00e1ntikas Noticias en Espa\\u00f1ol Condados Palm Beach y la Costa del Tesoro\",\"description\":\"Noticias en Espa\\u00f1ol | Condados Palm Beach y la Costa del Tesoro\",\"url\":\"https:\\\/\\\/atlantikas.com\\\/palm-beach-costa-del-tesoro\\\/\",\"email\":\"info@atlantikas.com\",\"telephone\":\"+15613049509\",\"foundingDate\":\"2023-08-26\",\"logo\":{\"@type\":\"ImageObject\",\"url\":\"https:\\\/\\\/atlantikas.com\\\/palm-beach-costa-del-tesoro\\\/wp-content\\\/uploads\\\/sites\\\/2\\\/2023\\\/06\\\/Atlantikas-Palm-Beach-Costa-del-Tesoro-Logo-Web-1.png\",\"@id\":\"https:\\\/\\\/atlantikas.com\\\/palm-beach-costa-del-tesoro\\\/events\\\/festival-de-la-herencia-hispana-de-la-villa-de-palm-springs\\\/#organizationLogo\",\"width\":1000,\"height\":375},\"image\":{\"@id\":\"https:\\\/\\\/atlantikas.com\\\/palm-beach-costa-del-tesoro\\\/events\\\/festival-de-la-herencia-hispana-de-la-villa-de-palm-springs\\\/#organizationLogo\"},\"sameAs\":[\"https:\\\/\\\/www.facebook.com\\\/NoticiasAtlantikas\\\/\",\"https:\\\/\\\/twitter.com\\\/atlantikasnoti\",\"https:\\\/\\\/www.instagram.com\\\/noticiasatlantikas\\\/\",\"https:\\\/\\\/www.youtube.com\\\/@Atlantikas-vn9dw\\\/channels\",\"https:\\\/\\\/www.linkedin.com\\\/company\\\/atlantikas\\\/\"]},{\"@type\":\"Person\",\"@id\":\"https:\\\/\\\/atlantikas.com\\\/palm-beach-costa-del-tesoro\\\/author\\\/tresds\\\/#author\",\"url\":\"https:\\\/\\\/atlantikas.com\\\/palm-beach-costa-del-tesoro\\\/author\\\/tresds\\\/\",\"name\":\"Atl\\u00e1ntikas\",\"image\":{\"@type\":\"ImageObject\",\"@id\":\"https:\\\/\\\/atlantikas.com\\\/palm-beach-costa-del-tesoro\\\/events\\\/festival-de-la-herencia-hispana-de-la-villa-de-palm-springs\\\/#authorImage\",\"url\":\"https:\\\/\\\/atlantikas.com\\\/palm-beach-costa-del-tesoro\\\/wp-content\\\/uploads\\\/sites\\\/2\\\/2023\\\/05\\\/Atlantikas-icon-blue-150x150.png\",\"width\":96,\"height\":96,\"caption\":\"Atl\\u00e1ntikas\"}},{\"@type\":\"WebPage\",\"@id\":\"https:\\\/\\\/atlantikas.com\\\/palm-beach-costa-del-tesoro\\\/events\\\/festival-de-la-herencia-hispana-de-la-villa-de-palm-springs\\\/#webpage\",\"url\":\"https:\\\/\\\/atlantikas.com\\\/palm-beach-costa-del-tesoro\\\/events\\\/festival-de-la-herencia-hispana-de-la-villa-de-palm-springs\\\/\",\"name\":\"Festival de la Herencia Hispana de la Villa de Palm Springs - Atl\\u00e1ntikas Noticias en Espa\\u00f1ol Condados Palm Beach y la Costa del Tesoro\",\"description\":\"Festival de la Herencia Hispana de la Villa de Palm Springs Cu\\u00e1ndo: S\\u00e1bado 19 de septiembre, a las 6:00 p. m. Qu\\u00e9: \\u00a1Celebra la Semana de la Conservaci\\u00f3n Latina junto a Busch Wildlife Sanctuary durante el Festival de la Herencia Hispana de la Villa de Palm Springs! Visita su mesa para disfrutar de encuentros con\",\"inLanguage\":\"es-ES\",\"isPartOf\":{\"@id\":\"https:\\\/\\\/atlantikas.com\\\/palm-beach-costa-del-tesoro\\\/#website\"},\"breadcrumb\":{\"@id\":\"https:\\\/\\\/atlantikas.com\\\/palm-beach-costa-del-tesoro\\\/events\\\/festival-de-la-herencia-hispana-de-la-villa-de-palm-springs\\\/#breadcrumblist\"},\"author\":{\"@id\":\"https:\\\/\\\/atlantikas.com\\\/palm-beach-costa-del-tesoro\\\/author\\\/tresds\\\/#author\"},\"creator\":{\"@id\":\"https:\\\/\\\/atlantikas.com\\\/palm-beach-costa-del-tesoro\\\/author\\\/tresds\\\/#author\"},\"image\":{\"@type\":\"ImageObject\",\"url\":\"https:\\\/\\\/atlantikas.com\\\/palm-beach-costa-del-tesoro\\\/wp-content\\\/uploads\\\/sites\\\/2\\\/2026\\\/08\\\/Hispanic-Heritage-Celebration-2026.jpg\",\"@id\":\"https:\\\/\\\/atlantikas.com\\\/palm-beach-costa-del-tesoro\\\/events\\\/festival-de-la-herencia-hispana-de-la-villa-de-palm-springs\\\/#mainImage\",\"width\":526,\"height\":780},\"primaryImageOfPage\":{\"@id\":\"https:\\\/\\\/atlantikas.com\\\/palm-beach-costa-del-tesoro\\\/events\\\/festival-de-la-herencia-hispana-de-la-villa-de-palm-springs\\\/#mainImage\"},\"datePublished\":\"2026-08-31T09:50:40-04:00\",\"dateModified\":\"2026-08-31T09:50:40-04:00\"},{\"@type\":\"WebSite\",\"@id\":\"https:\\\/\\\/atlantikas.com\\\/palm-beach-costa-del-tesoro\\\/#website\",\"url\":\"https:\\\/\\\/atlantikas.com\\\/palm-beach-costa-del-tesoro\\\/\",\"name\":\"Atl\\u00e1ntikas Noticias en Espa\\u00f1ol Condados Palm Beach y la Costa del Tesoro\",\"alternateName\":\"Atlantikas News\",\"description\":\"Noticias en Espa\\u00f1ol | Condados Palm Beach y la Costa del Tesoro\",\"inLanguage\":\"es-ES\",\"publisher\":{\"@id\":\"https:\\\/\\\/atlantikas.com\\\/palm-beach-costa-del-tesoro\\\/#organization\"}}]}\n\t\t<\/script>\n\t\t<!-- All in One SEO -->\n\n","aioseo_head_json":{"title":"Festival de la Herencia Hispana de la Villa de Palm Springs - Atl\u00e1ntikas Noticias en Espa\u00f1ol Condados Palm Beach y la Costa del Tesoro","description":"Festival de la Herencia Hispana de la Villa de Palm Springs Cu\u00e1ndo: S\u00e1bado 19 de septiembre, a las 6:00 p. m. Qu\u00e9: \u00a1Celebra la Semana de la Conservaci\u00f3n Latina junto a Busch Wildlife Sanctuary durante el Festival de la Herencia Hispana de la Villa de Palm Springs! Visita su mesa para disfrutar de encuentros con","canonical_url":"https:\/\/atlantikas.com\/palm-beach-costa-del-tesoro\/events\/festival-de-la-herencia-hispana-de-la-villa-de-palm-springs\/","robots":"max-image-preview:large","keywords":"","webmasterTools":{"miscellaneous":""},"schema":{"@context":"https:\/\/schema.org","@graph":[{"@type":"BreadcrumbList","@id":"https:\/\/atlantikas.com\/palm-beach-costa-del-tesoro\/events\/festival-de-la-herencia-hispana-de-la-villa-de-palm-springs\/#breadcrumblist","itemListElement":[{"@type":"ListItem","@id":"https:\/\/atlantikas.com\/palm-beach-costa-del-tesoro#listItem","position":1,"name":"Home","item":"https:\/\/atlantikas.com\/palm-beach-costa-del-tesoro","nextItem":{"@type":"ListItem","@id":"https:\/\/atlantikas.com\/palm-beach-costa-del-tesoro\/events\/#listItem","name":"Events"}},{"@type":"ListItem","@id":"https:\/\/atlantikas.com\/palm-beach-costa-del-tesoro\/events\/#listItem","position":2,"name":"Events","item":"https:\/\/atlantikas.com\/palm-beach-costa-del-tesoro\/events\/","nextItem":{"@type":"ListItem","@id":"https:\/\/atlantikas.com\/palm-beach-costa-del-tesoro\/etiqueta\/mes-de-la-herencia-hispana\/#listItem","name":"Mes de la Herencia Hispana"},"previousItem":{"@type":"ListItem","@id":"https:\/\/atlantikas.com\/palm-beach-costa-del-tesoro#listItem","name":"Home"}},{"@type":"ListItem","@id":"https:\/\/atlantikas.com\/palm-beach-costa-del-tesoro\/etiqueta\/mes-de-la-herencia-hispana\/#listItem","position":3,"name":"Mes de la Herencia Hispana","item":"https:\/\/atlantikas.com\/palm-beach-costa-del-tesoro\/etiqueta\/mes-de-la-herencia-hispana\/","nextItem":{"@type":"ListItem","@id":"https:\/\/atlantikas.com\/palm-beach-costa-del-tesoro\/events\/festival-de-la-herencia-hispana-de-la-villa-de-palm-springs\/#listItem","name":"Festival de la Herencia Hispana de la Villa de Palm Springs"},"previousItem":{"@type":"ListItem","@id":"https:\/\/atlantikas.com\/palm-beach-costa-del-tesoro\/events\/#listItem","name":"Events"}},{"@type":"ListItem","@id":"https:\/\/atlantikas.com\/palm-beach-costa-del-tesoro\/events\/festival-de-la-herencia-hispana-de-la-villa-de-palm-springs\/#listItem","position":4,"name":"Festival de la Herencia Hispana de la Villa de Palm Springs","previousItem":{"@type":"ListItem","@id":"https:\/\/atlantikas.com\/palm-beach-costa-del-tesoro\/etiqueta\/mes-de-la-herencia-hispana\/#listItem","name":"Mes de la Herencia Hispana"}}]},{"@type":"Organization","@id":"https:\/\/atlantikas.com\/palm-beach-costa-del-tesoro\/#organization","name":"Atl\u00e1ntikas Noticias en Espa\u00f1ol Condados Palm Beach y la Costa del Tesoro","description":"Noticias en Espa\u00f1ol | Condados Palm Beach y la Costa del Tesoro","url":"https:\/\/atlantikas.com\/palm-beach-costa-del-tesoro\/","email":"info@atlantikas.com","telephone":"+15613049509","foundingDate":"2023-08-26","logo":{"@type":"ImageObject","url":"https:\/\/atlantikas.com\/palm-beach-costa-del-tesoro\/wp-content\/uploads\/sites\/2\/2023\/06\/Atlantikas-Palm-Beach-Costa-del-Tesoro-Logo-Web-1.png","@id":"https:\/\/atlantikas.com\/palm-beach-costa-del-tesoro\/events\/festival-de-la-herencia-hispana-de-la-villa-de-palm-springs\/#organizationLogo","width":1000,"height":375},"image":{"@id":"https:\/\/atlantikas.com\/palm-beach-costa-del-tesoro\/events\/festival-de-la-herencia-hispana-de-la-villa-de-palm-springs\/#organizationLogo"},"sameAs":["https:\/\/www.facebook.com\/NoticiasAtlantikas\/","https:\/\/twitter.com\/atlantikasnoti","https:\/\/www.instagram.com\/noticiasatlantikas\/","https:\/\/www.youtube.com\/@Atlantikas-vn9dw\/channels","https:\/\/www.linkedin.com\/company\/atlantikas\/"]},{"@type":"Person","@id":"https:\/\/atlantikas.com\/palm-beach-costa-del-tesoro\/author\/tresds\/#author","url":"https:\/\/atlantikas.com\/palm-beach-costa-del-tesoro\/author\/tresds\/","name":"Atl\u00e1ntikas","image":{"@type":"ImageObject","@id":"https:\/\/atlantikas.com\/palm-beach-costa-del-tesoro\/events\/festival-de-la-herencia-hispana-de-la-villa-de-palm-springs\/#authorImage","url":"https:\/\/atlantikas.com\/palm-beach-costa-del-tesoro\/wp-content\/uploads\/sites\/2\/2023\/05\/Atlantikas-icon-blue-150x150.png","width":96,"height":96,"caption":"Atl\u00e1ntikas"}},{"@type":"WebPage","@id":"https:\/\/atlantikas.com\/palm-beach-costa-del-tesoro\/events\/festival-de-la-herencia-hispana-de-la-villa-de-palm-springs\/#webpage","url":"https:\/\/atlantikas.com\/palm-beach-costa-del-tesoro\/events\/festival-de-la-herencia-hispana-de-la-villa-de-palm-springs\/","name":"Festival de la Herencia Hispana de la Villa de Palm Springs - Atl\u00e1ntikas Noticias en Espa\u00f1ol Condados Palm Beach y la Costa del Tesoro","description":"Festival de la Herencia Hispana de la Villa de Palm Springs Cu\u00e1ndo: S\u00e1bado 19 de septiembre, a las 6:00 p. m. Qu\u00e9: \u00a1Celebra la Semana de la Conservaci\u00f3n Latina junto a Busch Wildlife Sanctuary durante el Festival de la Herencia Hispana de la Villa de Palm Springs! Visita su mesa para disfrutar de encuentros con","inLanguage":"es-ES","isPartOf":{"@id":"https:\/\/atlantikas.com\/palm-beach-costa-del-tesoro\/#website"},"breadcrumb":{"@id":"https:\/\/atlantikas.com\/palm-beach-costa-del-tesoro\/events\/festival-de-la-herencia-hispana-de-la-villa-de-palm-springs\/#breadcrumblist"},"author":{"@id":"https:\/\/atlantikas.com\/palm-beach-costa-del-tesoro\/author\/tresds\/#author"},"creator":{"@id":"https:\/\/atlantikas.com\/palm-beach-costa-del-tesoro\/author\/tresds\/#author"},"image":{"@type":"ImageObject","url":"https:\/\/atlantikas.com\/palm-beach-costa-del-tesoro\/wp-content\/uploads\/sites\/2\/2026\/08\/Hispanic-Heritage-Celebration-2026.jpg","@id":"https:\/\/atlantikas.com\/palm-beach-costa-del-tesoro\/events\/festival-de-la-herencia-hispana-de-la-villa-de-palm-springs\/#mainImage","width":526,"height":780},"primaryImageOfPage":{"@id":"https:\/\/atlantikas.com\/palm-beach-costa-del-tesoro\/events\/festival-de-la-herencia-hispana-de-la-villa-de-palm-springs\/#mainImage"},"datePublished":"2026-08-31T09:50:40-04:00","dateModified":"2026-08-31T09:50:40-04:00"},{"@type":"WebSite","@id":"https:\/\/atlantikas.com\/palm-beach-costa-del-tesoro\/#website","url":"https:\/\/atlantikas.com\/palm-beach-costa-del-tesoro\/","name":"Atl\u00e1ntikas Noticias en Espa\u00f1ol Condados Palm Beach y la Costa del Tesoro","alternateName":"Atlantikas News","description":"Noticias en Espa\u00f1ol | Condados Palm Beach y la Costa del Tesoro","inLanguage":"es-ES","publisher":{"@id":"https:\/\/atlantikas.com\/palm-beach-costa-del-tesoro\/#organization"}}]},"og:locale":"es_ES","og:site_name":"Atl\u00e1ntikas Noticias en Espa\u00f1ol Condados Palm Beach y la Costa del Tesoro - Noticias en Espa\u00f1ol | Condados Palm Beach y la Costa del Tesoro","og:type":"article","og:title":"Festival de la Herencia Hispana de la Villa de Palm Springs - Atl\u00e1ntikas Noticias en Espa\u00f1ol Condados Palm Beach y la Costa del Tesoro","og:description":"Festival de la Herencia Hispana de la Villa de Palm Springs Cu\u00e1ndo: S\u00e1bado 19 de septiembre, a las 6:00 p. m. Qu\u00e9: \u00a1Celebra la Semana de la Conservaci\u00f3n Latina junto a Busch Wildlife Sanctuary durante el Festival de la Herencia Hispana de la Villa de Palm Springs! Visita su mesa para disfrutar de encuentros con","og:url":"https:\/\/atlantikas.com\/palm-beach-costa-del-tesoro\/events\/festival-de-la-herencia-hispana-de-la-villa-de-palm-springs\/","og:image":"https:\/\/atlantikas.com\/palm-beach-costa-del-tesoro\/wp-content\/uploads\/sites\/2\/2026\/08\/Hispanic-Heritage-Celebration-2026.jpg","og:image:secure_url":"https:\/\/atlantikas.com\/palm-beach-costa-del-tesoro\/wp-content\/uploads\/sites\/2\/2026\/08\/Hispanic-Heritage-Celebration-2026.jpg","og:image:width":526,"og:image:height":780,"article:published_time":"2026-08-31T13:50:40+00:00","article:modified_time":"2026-08-31T13:50:40+00:00","article:publisher":"https:\/\/www.facebook.com\/NoticiasAtlantikas\/","twitter:card":"summary_large_image","twitter:site":"@atlantikasnoti","twitter:title":"Festival de la Herencia Hispana de la Villa de Palm Springs - Atl\u00e1ntikas Noticias en Espa\u00f1ol Condados Palm Beach y la Costa del Tesoro","twitter:description":"Festival de la Herencia Hispana de la Villa de Palm Springs Cu\u00e1ndo: S\u00e1bado 19 de septiembre, a las 6:00 p. m. Qu\u00e9: \u00a1Celebra la Semana de la Conservaci\u00f3n Latina junto a Busch Wildlife Sanctuary durante el Festival de la Herencia Hispana de la Villa de Palm Springs! Visita su mesa para disfrutar de encuentros con","twitter:creator":"@atlantikasnoti","twitter:image":"https:\/\/atlantikas.com\/palm-beach-costa-del-tesoro\/wp-content\/uploads\/sites\/2\/2026\/08\/Hispanic-Heritage-Celebration-2026.jpg"},"aioseo_meta_data":{"post_id":"19066","title":null,"description":null,"keywords":null,"keyphrases":{"focus":{"keyphrase":"","score":0,"analysis":{"keyphraseInTitle":{"score":0,"maxScore":9,"error":1}}},"additional":[]},"primary_term":null,"canonical_url":null,"og_title":null,"og_description":null,"og_object_type":"default","og_image_type":"default","og_image_url":null,"og_image_width":null,"og_image_height":null,"og_image_custom_url":null,"og_image_custom_fields":null,"og_video":"","og_custom_url":null,"og_article_section":null,"og_article_tags":null,"twitter_use_og":false,"twitter_card":"default","twitter_image_type":"default","twitter_image_url":null,"twitter_image_custom_url":null,"twitter_image_custom_fields":null,"twitter_title":null,"twitter_description":null,"schema":{"blockGraphs":[],"customGraphs":[],"default":{"data":{"Article":[],"Course":[],"Dataset":[],"FAQPage":[],"Movie":[],"Person":[],"Product":[],"ProductReview":[],"Car":[],"Recipe":[],"Service":[],"SoftwareApplication":[],"WebPage":[]},"graphName":"WebPage","isEnabled":true},"graphs":[]},"schema_type":"default","schema_type_options":null,"pillar_content":false,"robots_default":true,"robots_noindex":false,"robots_noarchive":false,"robots_nosnippet":false,"robots_nofollow":false,"robots_noimageindex":false,"robots_noodp":false,"robots_notranslate":false,"robots_max_snippet":"-1","robots_max_videopreview":"-1","robots_max_imagepreview":"large","priority":null,"frequency":"default","local_seo":null,"breadcrumb_settings":null,"limit_modified_date":false,"ai":{"faqs":[],"keyPoints":[],"schemas":[],"titles":[],"descriptions":[],"socialPosts":{"email":{"subject":"","preview":"","content":""},"linkedin":[],"twitter":[],"facebook":[],"instagram":[]}},"created":"2026-08-31 13:50:40","updated":"2026-08-31 14:37:03","seo_analyzer_scan_date":null,"focus_keyword":null,"additional_keywords":null,"truseo_locale":null},"aioseo_breadcrumb":"<div class=\"aioseo-breadcrumbs\"><span class=\"aioseo-breadcrumb\">\n\t\t\t<a href=\"https:\/\/atlantikas.com\/palm-beach-costa-del-tesoro\" title=\"Home\">Home<\/a>\n\t\t<\/span><span class=\"aioseo-breadcrumb-separator\">&raquo;<\/span><span class=\"aioseo-breadcrumb\">\n\t\t\t<a href=\"https:\/\/atlantikas.com\/palm-beach-costa-del-tesoro\/events\/\" title=\"Events\">Events<\/a>\n\t\t<\/span><span class=\"aioseo-breadcrumb-separator\">&raquo;<\/span><span class=\"aioseo-breadcrumb\">\n\t\t\t<a href=\"https:\/\/atlantikas.com\/palm-beach-costa-del-tesoro\/etiqueta\/mes-de-la-herencia-hispana\/\" title=\"Mes de la Herencia Hispana\">Mes de la Herencia Hispana<\/a>\n\t\t<\/span><span class=\"aioseo-breadcrumb-separator\">&raquo;<\/span><span class=\"aioseo-breadcrumb\">\n\t\t\tFestival de la Herencia Hispana de la Villa de Palm Springs\n\t\t<\/span><\/div>","aioseo_breadcrumb_json":[{"label":"Home","link":"https:\/\/atlantikas.com\/palm-beach-costa-del-tesoro"},{"label":"Events","link":"https:\/\/atlantikas.com\/palm-beach-costa-del-tesoro\/events\/"},{"label":"Mes de la Herencia Hispana","link":"https:\/\/atlantikas.com\/palm-beach-costa-del-tesoro\/etiqueta\/mes-de-la-herencia-hispana\/"},{"label":"Festival de la Herencia Hispana de la Villa de Palm Springs","link":"https:\/\/atlantikas.com\/palm-beach-costa-del-tesoro\/events\/festival-de-la-herencia-hispana-de-la-villa-de-palm-springs\/"}],"pure_taxonomies":{"tags":[{"term_id":355,"name":"Mes de la Herencia Hispana","slug":"mes-de-la-herencia-hispana","term_group":0,"term_taxonomy_id":355,"taxonomy":"post_tag","description":"","parent":0,"count":9,"filter":"raw","image":""}],"event_location":[{"term_id":559,"name":"Palm Springs Village Complex","slug":"palm-springs-village-complex","term_group":0,"term_taxonomy_id":559,"taxonomy":"event_location","description":"","parent":0,"count":1,"filter":"raw","image":""}],"event_organizer":[{"term_id":447,"name":"Busch Wildlife Sanctuary","slug":"busch-wildlife-sanctuary","term_group":0,"term_taxonomy_id":447,"taxonomy":"event_organizer","description":"","parent":0,"count":2,"filter":"raw","image":""}],"event_type":[{"term_id":367,"name":"Comunidad","slug":"comunidad","term_group":0,"term_taxonomy_id":367,"taxonomy":"event_type","description":"","parent":0,"count":6,"filter":"raw","image":""}]},"jetpack_sharing_enabled":true,"_links":{"self":[{"href":"https:\/\/atlantikas.com\/palm-beach-costa-del-tesoro\/wp-json\/wp\/v2\/ajde_events\/19066","targetHints":{"allow":["GET"]}}],"collection":[{"href":"https:\/\/atlantikas.com\/palm-beach-costa-del-tesoro\/wp-json\/wp\/v2\/ajde_events"}],"about":[{"href":"https:\/\/atlantikas.com\/palm-beach-costa-del-tesoro\/wp-json\/wp\/v2\/types\/ajde_events"}],"author":[{"embeddable":true,"href":"https:\/\/atlantikas.com\/palm-beach-costa-del-tesoro\/wp-json\/wp\/v2\/users\/1"}],"replies":[{"embeddable":true,"href":"https:\/\/atlantikas.com\/palm-beach-costa-del-tesoro\/wp-json\/wp\/v2\/comments?post=19066"}],"wp:featuredmedia":[{"embeddable":true,"href":"https:\/\/atlantikas.com\/palm-beach-costa-del-tesoro\/wp-json\/wp\/v2\/media\/19068"}],"wp:attachment":[{"href":"https:\/\/atlantikas.com\/palm-beach-costa-del-tesoro\/wp-json\/wp\/v2\/media?parent=19066"}],"wp:term":[{"taxonomy":"post_tag","embeddable":true,"href":"https:\/\/atlantikas.com\/palm-beach-costa-del-tesoro\/wp-json\/wp\/v2\/tags?post=19066"},{"taxonomy":"event_type","embeddable":true,"href":"https:\/\/atlantikas.com\/palm-beach-costa-del-tesoro\/wp-json\/wp\/v2\/event_type?post=19066"},{"taxonomy":"event_type_2","embeddable":true,"href":"https:\/\/atlantikas.com\/palm-beach-costa-del-tesoro\/wp-json\/wp\/v2\/event_type_2?post=19066"},{"taxonomy":"author","embeddable":true,"href":"https:\/\/atlantikas.com\/palm-beach-costa-del-tesoro\/wp-json\/wp\/v2\/coauthors?post=19066"}],"curies":[{"name":"wp","href":"https:\/\/api.w.org\/{rel}","templated":true}]}}